{"id":65,"date":"2011-05-25T05:48:16","date_gmt":"2011-05-25T05:48:16","guid":{"rendered":"http:\/\/fc-hermania.de\/wp\/?page_id=65"},"modified":"2025-06-19T04:31:55","modified_gmt":"2025-06-19T04:31:55","slug":"vorstand","status":"publish","type":"page","link":"https:\/\/fc-hermania.de\/wp\/?page_id=65","title":{"rendered":"Vorstand"},"content":{"rendered":"<p>&nbsp;<\/p>\n<p><strong>Der Vorstand des FC Hermania Mottgers:<\/strong><\/p>\n<p>&nbsp;<\/p>\n<table style=\"height: 1194px;\" width=\"496\">\n<tbody>\n<tr>\n<td width=\"192\"><span style=\"color: #000000;\"><strong>Vorstandsgremium:<\/strong>&nbsp;<\/span><\/td>\n<td width=\"159\">&nbsp;<\/td>\n<\/tr>\n<tr>\n<td>&nbsp;<\/td>\n<td>&nbsp;<\/td>\n<\/tr>\n<tr>\n<td><span style=\"color: #000000;\">Vorstandssprecher\/Finanzen<\/span><\/td>\n<td><span style=\"color: #000000;\">Hendrik M\u00fcller<\/span><\/td>\n<\/tr>\n<tr>\n<td><span style=\"color: #000000;\">Sportlicher Leiter<\/span><\/td>\n<td><span style=\"color: #000000;\">Jannik Kirchner<\/span><\/td>\n<\/tr>\n<tr>\n<td><span style=\"color: #000000;\">Stellv. Sportlicher Leiter<\/span><\/td>\n<td><span style=\"color: #000000;\">Benjamin Eiring<\/span><\/td>\n<\/tr>\n<tr>\n<td><span style=\"color: #000000;\">Schriftf\u00fchrer<\/span><\/td>\n<td><span style=\"color: #000000;\">S\u00f6ren Steffentorweihen<\/span><\/td>\n<\/tr>\n<tr>\n<td><span style=\"color: #000000;\">Jugendleiter<\/span><\/td>\n<td><span style=\"color: #000000;\">Patrick Sch\u00e4fer<\/span><\/td>\n<\/tr>\n<tr>\n<td>&nbsp;<\/td>\n<td>&nbsp;<\/td>\n<\/tr>\n<tr>\n<td><strong><span style=\"color: #000000;\">Erweiterter Vorstand:<\/span><\/strong><\/td>\n<td>&nbsp;<\/td>\n<\/tr>\n<tr>\n<td>&nbsp;<\/td>\n<td>&nbsp;<\/td>\n<\/tr>\n<tr>\n<td><span style=\"color: #000000;\">stellv. Kassierer<\/span><\/td>\n<td><span style=\"color: #000000;\">Karsten Zeiger<\/span><\/td>\n<\/tr>\n<tr>\n<td><span style=\"color: #000000;\">Stellv. Schriftf\u00fchrerin<\/span><\/td>\n<td><span style=\"color: #000000;\">Nicole Breitwieser<\/span><\/td>\n<\/tr>\n<tr>\n<td><span style=\"color: #000000;\">stellv. Jugendleiter<\/span><\/td>\n<td><span style=\"color: #000000;\">Marko Breitwieser<\/span><\/td>\n<\/tr>\n<tr>\n<td><span style=\"color: #000000;\">Erw. Spielausschuss<\/span><\/td>\n<td>&nbsp;<\/td>\n<\/tr>\n<tr>\n<td><span style=\"color: #000000;\">Leiterin Gymnastik<\/span><\/td>\n<td><span style=\"color: #000000;\">Lydia Brauer<\/span><\/td>\n<\/tr>\n<tr>\n<td><span style=\"color: #000000;\">AH-Obmann<\/span><\/td>\n<td><span style=\"color: #000000;\">Horst Stark<\/span><\/td>\n<\/tr>\n<tr>\n<td>&nbsp;<\/td>\n<td>&nbsp;<\/td>\n<\/tr>\n<tr>\n<td><span style=\"color: #000000;\">Passwesen<\/span><\/td>\n<td><span style=\"color: #000000;\">Carsten Sperzel<\/span><\/td>\n<\/tr>\n<tr>\n<td><span style=\"color: #000000;\">Vereinsadministrator<\/span><\/td>\n<td><span style=\"color: #000000;\">Alexander Weigand<\/span><\/td>\n<\/tr>\n<tr>\n<td><span style=\"color: #000000;\">Sportheim Vermietung<\/span><\/td>\n<td><span style=\"color: #000000;\">Horst Sto\u00df<\/span><\/td>\n<\/tr>\n<tr>\n<td><span style=\"color: #000000;\">Platzkassierer-\/innen<\/span><\/td>\n<td>&nbsp;<\/td>\n<\/tr>\n<tr>\n<td>&nbsp;<\/td>\n<td>&nbsp;<\/td>\n<\/tr>\n<tr>\n<td><span style=\"color: #000000;\">Stadionsprecher<\/span><\/td>\n<td><span style=\"color: #000000;\">Niclas Beier<\/span><\/td>\n<\/tr>\n<tr>\n<td>&nbsp;<\/td>\n<td><span style=\"color: #000000;\">Max Heidl<\/span><\/td>\n<\/tr>\n<tr>\n<td><span style=\"color: #000000;\">Platzwarte<\/span><\/td>\n<td><span style=\"color: #000000;\">Julius Kirchner<\/span><\/td>\n<\/tr>\n<tr>\n<td>&nbsp;<\/td>\n<td>&nbsp;<\/td>\n<\/tr>\n<tr>\n<td><span style=\"color: #000000;\">Schiedsrichterbetreuer<\/span><\/td>\n<td><span style=\"color: #000000;\">Werner Klement<\/span><\/td>\n<\/tr>\n<tr>\n<td><span style=\"color: #000000;\">Ehrenamtsbeauftragte<\/span><\/td>\n<td><span style=\"color: #000000;\">Petra Weigand<\/span><\/td>\n<\/tr>\n<tr>\n<td><span style=\"color: #000000;\">Pressewart<\/span><\/td>\n<td><span style=\"color: #000000;\">Hans-J\u00fcrgen Zeller<\/span><\/td>\n<\/tr>\n<tr>\n<td><span style=\"color: #000000;\">Social Media\/Homepage<\/span><\/td>\n<td><span style=\"color: #000000;\">AH; Ralf Henning<\/span><\/td>\n<\/tr>\n<tr>\n<td><span style=\"color: #000000;\">Administrator<\/span><\/td>\n<td><span style=\"color: #000000;\">Jens Nietgen<\/span><\/td>\n<\/tr>\n<tr>\n<td>&nbsp;<\/td>\n<td>&nbsp;<\/td>\n<\/tr>\n<tr>\n<td>&nbsp;<\/td>\n<td><span style=\"color: #000000;\">Niclas Beier<\/span><\/td>\n<\/tr>\n<tr>\n<td><span style=\"color: #000000;\">1. Kassenpr\u00fcfer<\/span><\/td>\n<td>&nbsp;<\/td>\n<\/tr>\n<tr>\n<td><span style=\"color: #000000;\">2. Kassenpr\u00fcfer (Nachr\u00fccker)<\/span><\/td>\n<td>&nbsp;<\/td>\n<\/tr>\n<\/tbody>\n<\/table>\n<p>&nbsp;<\/p>\n","protected":false},"excerpt":{"rendered":"<p>&nbsp; Der Vorstand des FC Hermania Mottgers: &nbsp; Vorstandsgremium:&nbsp; &nbsp; &nbsp; &nbsp; Vorstandssprecher\/Finanzen Hendrik M\u00fcller Sportlicher Leiter Jannik Kirchner Stellv. Sportlicher Leiter Benjamin Eiring Schriftf\u00fchrer S\u00f6ren Steffentorweihen Jugendleiter Patrick Sch\u00e4fer &nbsp; &nbsp; Erweiterter Vorstand: &nbsp; &nbsp; &nbsp; stellv. Kassierer Karsten &hellip; <a href=\"https:\/\/fc-hermania.de\/wp\/?page_id=65\">Continue reading <span class=\"meta-nav\">&rarr;<\/span><\/a><\/p>\n","protected":false},"author":10,"featured_media":0,"parent":9,"menu_order":0,"comment_status":"open","ping_status":"closed","template":"","meta":{"ngg_post_thumbnail":0,"footnotes":"","_links_to":"","_links_to_target":""},"class_list":["post-65","page","type-page","status-publish","hentry"],"aioseo_notices":[],"_links":{"self":[{"href":"https:\/\/fc-hermania.de\/wp\/index.php?rest_route=\/wp\/v2\/pages\/65","targetHints":{"allow":["GET"]}}],"collection":[{"href":"https:\/\/fc-hermania.de\/wp\/index.php?rest_route=\/wp\/v2\/pages"}],"about":[{"href":"https:\/\/fc-hermania.de\/wp\/index.php?rest_route=\/wp\/v2\/types\/page"}],"author":[{"embeddable":true,"href":"https:\/\/fc-hermania.de\/wp\/index.php?rest_route=\/wp\/v2\/users\/10"}],"replies":[{"embeddable":true,"href":"https:\/\/fc-hermania.de\/wp\/index.php?rest_route=%2Fwp%2Fv2%2Fcomments&post=65"}],"version-history":[{"count":20,"href":"https:\/\/fc-hermania.de\/wp\/index.php?rest_route=\/wp\/v2\/pages\/65\/revisions"}],"predecessor-version":[{"id":3907,"href":"https:\/\/fc-hermania.de\/wp\/index.php?rest_route=\/wp\/v2\/pages\/65\/revisions\/3907"}],"up":[{"embeddable":true,"href":"https:\/\/fc-hermania.de\/wp\/index.php?rest_route=\/wp\/v2\/pages\/9"}],"wp:attachment":[{"href":"https:\/\/fc-hermania.de\/wp\/index.php?rest_route=%2Fwp%2Fv2%2Fmedia&parent=65"}],"curies":[{"name":"wp","href":"https:\/\/api.w.org\/{rel}","templated":true}]}}